{"id":5128,"date":"2024-11-07T13:34:38","date_gmt":"2024-11-07T12:34:38","guid":{"rendered":"https:\/\/www.insuranceandsaving.com\/pojisteni\/"},"modified":"2024-11-25T15:11:23","modified_gmt":"2024-11-25T14:11:23","slug":"pojisteni","status":"publish","type":"page","link":"https:\/\/www.insuranceandsaving.com\/cs\/pojisteni\/","title":{"rendered":"Poji\u0161t\u011bn\u00ed"},"content":{"rendered":"<p>[et_pb_section fb_built=&#8220;1&#8243; _builder_version=&#8220;4.27.2&#8243; _module_preset=&#8220;default&#8220; global_colors_info=&#8220;{}&#8220;][et_pb_row _builder_version=&#8220;4.27.2&#8243; _module_preset=&#8220;default&#8220; global_colors_info=&#8220;{}&#8220;][et_pb_column type=&#8220;4_4&#8243; _builder_version=&#8220;4.27.2&#8243; _module_preset=&#8220;default&#8220; global_colors_info=&#8220;{}&#8220;][et_pb_text _builder_version=&#8220;4.27.2&#8243; _module_preset=&#8220;default&#8220; global_colors_info=&#8220;{}&#8220;]<\/p>\n<p><b>Poji\u0161t\u011bn\u00ed na m\u00edru pro ka\u017edou \u017eivotn\u00ed f\u00e1zi<\/b><\/p>\n<p><span style=\"font-weight: 400;\">En <\/span><i><span style=\"font-weight: 400;\">Insurance and Saving<\/span><\/i><span style=\"font-weight: 400;\">, V\u011b\u0159\u00edme, \u017ee klid v du\u0161i je neoceniteln\u00fd. V\u00edme, \u017ee ochrana toho, co milujete, od sv\u00e9ho zdrav\u00ed a rodiny a\u017e po v\u00e1\u0161 domov a va\u0161e projekty, je nezbytn\u00e1 pro plnohodnotn\u00fd \u017eivot. Z tohoto d\u016fvodu jsme navrhli kompletn\u00ed \u0159adu poji\u0161t\u011bn\u00ed, kter\u00e1 v\u00e1m poskytne pot\u0159ebnou ochranu a podporu v ka\u017ed\u00e9 situaci. S na\u0161imi z\u00e1sadami si m\u016f\u017eete b\u00fdt jisti, \u017ee budete m\u00edt nezbytnou podporu v p\u0159\u00edpad\u011b jak\u00e9koli nep\u0159edv\u00eddan\u00e9 ud\u00e1losti, v\u017edy se spolehnout na \u00fazkou a osobn\u00ed pozornost.<\/span><\/p>\n<p><span style=\"font-weight: 400;\">Na\u0161\u00edm z\u00e1vazkem je doprov\u00e1zet v\u00e1s bezpe\u010dnostn\u00edmi \u0159e\u0161en\u00edmi p\u0159izp\u016fsoben\u00fdmi ka\u017ed\u00e9 f\u00e1zi va\u0161eho \u017eivota a poskytovat vynikaj\u00edc\u00ed slu\u017eby a pokryt\u00ed, kter\u00e9 se p\u0159izp\u016fsob\u00ed va\u0161im konkr\u00e9tn\u00edm pot\u0159eb\u00e1m. N\u00ed\u017ee uv\u00e1d\u00edme na\u0161e poji\u0161\u0165ovac\u00ed slu\u017eby navr\u017een\u00e9 tak, aby v\u00e1m poskytly klid, kter\u00fd si zaslou\u017e\u00edte.<\/span><span style=\"font-weight: 400;\"><\/span><\/p>\n<p>[\/et_pb_text][\/et_pb_column][\/et_pb_row][et_pb_row column_structure=&#8220;1_2,1_2&#8243; _builder_version=&#8220;4.27.2&#8243; _module_preset=&#8220;default&#8220; global_colors_info=&#8220;{}&#8220;][et_pb_column type=&#8220;1_2&#8243; _builder_version=&#8220;4.27.2&#8243; _module_preset=&#8220;default&#8220; global_colors_info=&#8220;{}&#8220;][et_pb_blurb title=&#8220;Zdravotn\u00ed poji\u0161t\u011bn\u00ed&#8220; use_icon=&#8220;on&#8220; font_icon=&#8220;&#xf481;||fa||900&#8243; icon_color=&#8220;#e03e35&#8243; _builder_version=&#8220;4.27.2&#8243; _module_preset=&#8220;default&#8220; global_colors_info=&#8220;{}&#8220;]<\/p>\n<p>P\u00e9\u010de o va\u0161e zdrav\u00ed a zdrav\u00ed va\u0161ich bl\u00edzk\u00fdch je na\u0161\u00ed prioritou. S na\u0161\u00edm zdravotn\u00edm poji\u0161t\u011bn\u00edm budete m\u00edt p\u0159\u00edstup k s\u00edti \u0161pi\u010dkov\u00fdch nemocnic a specialist\u016f a tak\u00e9 pokryt\u00ed nezbytn\u00fdch a slo\u017eit\u011bj\u0161\u00edch l\u00e9\u010debn\u00fdch v\u00fdloh. Mezi jej\u00ed v\u00fdhody nab\u00edz\u00edme:<\/p>\n<ul>\n<li>\n<p>L\u00e9ka\u0159sk\u00e9 konzultace a hospitalizace<\/p>\n<\/li>\n<li>\n<p>Specializovan\u00e9 l\u00e9\u010dby a pohotovosti<\/p>\n<\/li>\n<li>\n<p>Poji\u0161t\u011bn\u00ed z\u00e1va\u017en\u00fdch onemocn\u011bn\u00ed a preventivn\u00ed slu\u017eby<\/p>\n<\/li>\n<li>\n<p>Mo\u017enosti \u00fahrady a wellness programy<\/p>\n<\/li>\n<\/ul>\n<p>[\/et_pb_blurb][\/et_pb_column][et_pb_column type=&#8220;1_2&#8243; _builder_version=&#8220;4.27.2&#8243; _module_preset=&#8220;default&#8220; global_colors_info=&#8220;{}&#8220;][et_pb_blurb title=&#8220;\u017divotn\u00ed poji\u0161t\u011bn\u00ed&#8220; use_icon=&#8220;on&#8220; font_icon=&#8220;&#xf21e;||fa||900&#8243; icon_color=&#8220;#e03e35&#8243; _builder_version=&#8220;4.27.2&#8243; _module_preset=&#8220;default&#8220; global_colors_info=&#8220;{}&#8220;]<\/p>\n<p>\u017divotn\u00ed poji\u0161t\u011bn\u00ed je investic\u00ed do budoucnosti t\u011bch, kter\u00e9 nejv\u00edce milujete. S na\u0161imi \u017eivotn\u00edmi z\u00e1sadami garantujeme finan\u010dn\u00ed zabezpe\u010den\u00ed va\u0161\u00ed rodiny a klid, \u017ee budou chr\u00e1n\u011bni v t\u011b\u017ek\u00fdch \u010dasech. Na\u0161e mo\u017enosti zahrnuj\u00ed:<\/p>\n<ul>\n<li>Do\u010dasn\u00e9 a trval\u00e9 \u017eivotn\u00ed poji\u0161t\u011bn\u00ed<\/li>\n<li>Ochrana pro spl\u00e1cen\u00ed dluhu<\/li>\n<li>Mo\u017enosti spo\u0159en\u00ed a kapitalizace<\/li>\n<li>D\u00e1vky v p\u0159\u00edpad\u011b nevyl\u00e9\u010diteln\u00e9 nemoci nebo invalidity<\/li>\n<\/ul>\n<p>[\/et_pb_blurb][\/et_pb_column][\/et_pb_row][et_pb_row column_structure=&#8220;1_2,1_2&#8243; _builder_version=&#8220;4.27.2&#8243; _module_preset=&#8220;default&#8220; global_colors_info=&#8220;{}&#8220;][et_pb_column type=&#8220;1_2&#8243; _builder_version=&#8220;4.27.2&#8243; _module_preset=&#8220;default&#8220; global_colors_info=&#8220;{}&#8220;][et_pb_blurb title=&#8220;Poji\u0161t\u011bn\u00ed automobil\u016f&#8220; use_icon=&#8220;on&#8220; font_icon=&#8220;&#xf5e4;||fa||900&#8243; icon_color=&#8220;#e03e35&#8243; _builder_version=&#8220;4.27.2&#8243; _module_preset=&#8220;default&#8220; global_colors_info=&#8220;{}&#8220;]<\/p>\n<p>Klid za volantem je mo\u017en\u00fd s na\u0161\u00edm autopoji\u0161t\u011bn\u00edm, kter\u00e9 v\u00e1m umo\u017en\u00ed \u0159\u00eddit bez starost\u00ed. Pokr\u00fdv\u00e1 v\u0161e od po\u0161kozen\u00ed p\u0159i nehod\u011b po silni\u010dn\u00ed asistenci a nab\u00edz\u00ed:<\/p>\n<ul>\n<li>\n<p>Poji\u0161t\u011bn\u00ed proti nehod\u00e1m, kr\u00e1de\u017ei a po\u0161kozen\u00ed<\/p>\n<\/li>\n<li>\n<p>24hodinov\u00e1 silni\u010dn\u00ed a pr\u00e1vn\u00ed pomoc<\/p>\n<\/li>\n<li>\n<p>N\u00e1hradn\u00ed mo\u017enosti auta<\/p>\n<\/li>\n<li>\n<p>Z\u00e1sady komplexn\u00edho a \u010d\u00e1ste\u010dn\u00e9ho pokryt\u00ed<\/p>\n<\/li>\n<\/ul>\n<p>[\/et_pb_blurb][\/et_pb_column][et_pb_column type=&#8220;1_2&#8243; _builder_version=&#8220;4.27.2&#8243; _module_preset=&#8220;default&#8220; global_colors_info=&#8220;{}&#8220;][et_pb_blurb title=&#8220;Poji\u0161t\u011bn\u00ed dom\u00e1cnosti&#8220; use_icon=&#8220;on&#8220; font_icon=&#8220;&#xe074;||divi||400&#8243; icon_color=&#8220;#e03e35&#8243; _builder_version=&#8220;4.27.2&#8243; _module_preset=&#8220;default&#8220; global_colors_info=&#8220;{}&#8220;]<\/p>\n<p>V\u00e1\u0161 domov je va\u0161\u00edm \u00fato\u010di\u0161t\u011bm a jeho ochrana je z\u00e1sadn\u00ed. Na\u0161e poji\u0161t\u011bn\u00ed dom\u00e1cnosti nab\u00edz\u00ed komplexn\u00ed kryt\u00ed proti hlavn\u00edm rizik\u016fm a postar\u00e1 se nejen o v\u00e1\u0161 domov, ale i o va\u0161e v\u011bci. Mezi v\u00fdhodami vynikaj\u00ed n\u00e1sleduj\u00edc\u00ed:<\/p>\n<ul>\n<li>\n<p>Ochrana p\u0159ed po\u0161kozen\u00edm po\u017e\u00e1rem, kr\u00e1de\u017e\u00ed a p\u0159\u00edrodn\u00edmi katastrofami<\/p>\n<\/li>\n<li>\n<p>Kryt\u00ed majetku a osobn\u00edch v\u011bc\u00ed<\/p>\n<\/li>\n<li>\n<p>Mo\u017enosti dom\u00e1c\u00ed p\u00e9\u010de<\/p>\n<\/li>\n<li>\n<p>Ob\u010danskopr\u00e1vn\u00ed odpov\u011bdnost na ochranu t\u0159et\u00edch stran<\/p>\n<\/li>\n<\/ul>\n<p>[\/et_pb_blurb][\/et_pb_column][\/et_pb_row][et_pb_row _builder_version=&#8220;4.27.2&#8243; _module_preset=&#8220;default&#8220; global_colors_info=&#8220;{}&#8220;][et_pb_column type=&#8220;4_4&#8243; _builder_version=&#8220;4.27.2&#8243; _module_preset=&#8220;default&#8220; global_colors_info=&#8220;{}&#8220;][et_pb_blurb title=&#8220;Poji\u0161t\u011bn\u00ed pro firmy a firmy&#8220; use_icon=&#8220;on&#8220; font_icon=&#8220;&#xe0f4;||divi||400&#8243; icon_color=&#8220;#e03e35&#8243; _builder_version=&#8220;4.27.2&#8243; _module_preset=&#8220;default&#8220; global_colors_info=&#8220;{}&#8220;]<\/p>\n<p>Zajist\u011bte r\u016fst a stabilitu sv\u00e9ho podnik\u00e1n\u00ed s kompletn\u00ed ochranou p\u0159izp\u016fsobenou pot\u0159eb\u00e1m va\u0161eho podnik\u00e1n\u00ed. Na\u0161e komer\u010dn\u00ed pokryt\u00ed v\u00e1m poskytuje podporu v kl\u00ed\u010dov\u00fdch oblastech, jako je nap\u0159<\/p>\n<ul>\n<li>Poji\u0161t\u011bn\u00ed komer\u010dn\u00edho majetku<\/li>\n<li>Ochrana p\u0159ed ob\u010danskopr\u00e1vn\u00ed odpov\u011bdnost\u00ed a \u0161kodami zp\u016fsoben\u00fdmi t\u0159et\u00edm osob\u00e1m<\/li>\n<li>Pokryt\u00ed za\u0159\u00edzen\u00ed a majetku<\/li>\n<li>Poji\u0161t\u011bn\u00ed p\u0159eru\u0161en\u00ed provozu a kybernetick\u00e9 bezpe\u010dnosti<\/li>\n<\/ul>\n<p>[\/et_pb_blurb][\/et_pb_column][\/et_pb_row][et_pb_row _builder_version=&#8220;4.27.2&#8243; _module_preset=&#8220;default&#8220; global_colors_info=&#8220;{}&#8220;][et_pb_column type=&#8220;4_4&#8243; _builder_version=&#8220;4.27.2&#8243; _module_preset=&#8220;default&#8220; global_colors_info=&#8220;{}&#8220;][et_pb_text _builder_version=&#8220;4.27.2&#8243; _module_preset=&#8220;default&#8220; text_text_color=&#8220;#FFFFFF&#8220; header_3_text_color=&#8220;#FFFFFF&#8220; background_color=&#8220;#e07570&#8243; custom_padding=&#8220;2vw|2vw|2vw|2vw|false|false&#8220; global_colors_info=&#8220;{}&#8220;]<\/p>\n<p>&nbsp;<\/p>\n<h3><b>Pro\u010d zvolit poji\u0161t\u011bn\u00ed <\/b><b><i>Insurance and Saving<\/i><\/b><b>?<\/b><\/h3>\n<ul>\n<li style=\"font-weight: 400;\" aria-level=\"1\"><b>Personalizovan\u00e9 pokryt\u00ed:<\/b><span style=\"font-weight: 400;\"> Ka\u017edou politiku navrhujeme tak, aby v\u00e1m vyhovovala, p\u0159i\u010dem\u017e up\u0159ednost\u0148ujeme to, co skute\u010dn\u011b pot\u0159ebujete.<\/span><\/li>\n<li style=\"font-weight: 400;\" aria-level=\"1\"><b>Pozor 24\/7:<\/b><span style=\"font-weight: 400;\"> Z\u00e1le\u017e\u00ed n\u00e1m na tom, abychom byli v\u017edy po va\u0161em boku, s rychlou pomoc\u00ed a oddan\u00fdm t\u00fdmem, kter\u00fd v\u00e1m kdykoli pom\u016f\u017ee.<\/span><\/li>\n<li style=\"font-weight: 400;\" aria-level=\"1\"><b>Snadnost a technologie<\/b><span style=\"font-weight: 400;\"> Najm\u011bte si, spravujte a obnovujte sv\u00e9 poji\u0161t\u011bn\u00ed rychle z na\u0161\u00ed digit\u00e1ln\u00ed platformy.<\/span><\/li>\n<\/ul>\n<p>[\/et_pb_text][\/et_pb_column][\/et_pb_row][et_pb_row _builder_version=&#8220;4.27.2&#8243; _module_preset=&#8220;default&#8220; global_colors_info=&#8220;{}&#8220;][et_pb_column type=&#8220;4_4&#8243; _builder_version=&#8220;4.27.2&#8243; _module_preset=&#8220;default&#8220; global_colors_info=&#8220;{}&#8220;][et_pb_text _builder_version=&#8220;4.27.2&#8243; _module_preset=&#8220;default&#8220; global_colors_info=&#8220;{}&#8220;]<\/p>\n<p><strong><span class=\"HwtZe\" lang=\"cs\"><span class=\"jCAhz ChMk0b\"><span class=\"ryNqvb\">Vy\u017e\u00e1dejte si va\u0161i personalizovanou cenovou nab\u00eddku<\/span><\/span><\/span><\/strong><\/p>\n<p><span class=\"HwtZe\" lang=\"cs\"><span class=\"jCAhz ChMk0b\"><span class=\"ryNqvb\">N\u00e1\u0161 proces je rychl\u00fd a jednoduch\u00fd.<\/span><\/span> <span class=\"jCAhz ChMk0b\"><span class=\"ryNqvb\">Vypl\u0148te online formul\u00e1\u0159 nebo kontaktujte n\u011bkter\u00e9ho z na\u0161ich poradc\u016f pro nez\u00e1vaznou cenovou nab\u00eddku.<\/span><\/span> <span class=\"jCAhz ChMk0b\"><span class=\"ryNqvb\">V<\/span><\/span><\/span> Insurance and Saving, <span class=\"HwtZe\" lang=\"cs\"><span class=\"jCAhz ChMk0b\"><span class=\"ryNqvb\">Jsme odhodl\u00e1ni poskytnout v\u00e1m v\u0161echny informace a podporu, kterou pot\u0159ebujete, abyste se mohli co nejl\u00e9pe rozhodnout.<\/span><\/span><\/span><\/p>\n<p>S Insurance and Saving, <span class=\"HwtZe\" lang=\"cs\"><span class=\"jCAhz ChMk0b\"><span class=\"ryNqvb\">Klid a ochrana toho, \u010deho si nejv\u00edce cen\u00edte, m\u00e1te v\u017edy na dosah.<\/span><\/span><\/span><\/p>\n<p>&nbsp;<\/p>\n<p>[\/et_pb_text][\/et_pb_column][\/et_pb_row][\/et_pb_section]<\/p>\n","protected":false},"excerpt":{"rendered":"<p>Poji\u0161t\u011bn\u00ed na m\u00edru pro ka\u017edou \u017eivotn\u00ed f\u00e1zi En Insurance and Saving, V\u011b\u0159\u00edme, \u017ee klid v du\u0161i je neoceniteln\u00fd. V\u00edme, \u017ee ochrana toho, co milujete, od sv\u00e9ho zdrav\u00ed a rodiny a\u017e po v\u00e1\u0161 domov a va\u0161e projekty, je nezbytn\u00e1 pro plnohodnotn\u00fd \u017eivot. Z tohoto d\u016fvodu jsme navrhli kompletn\u00ed \u0159adu poji\u0161t\u011bn\u00ed, kter\u00e1 v\u00e1m poskytne pot\u0159ebnou ochranu a [&hellip;]<\/p>\n","protected":false},"author":2,"featured_media":0,"parent":0,"menu_order":0,"comment_status":"closed","ping_status":"closed","template":"","meta":{"_et_pb_use_builder":"on","_et_pb_old_content":"","_et_gb_content_width":"","footnotes":""},"class_list":["post-5128","page","type-page","status-publish","hentry"],"_links":{"self":[{"href":"https:\/\/www.insuranceandsaving.com\/cs\/wp-json\/wp\/v2\/pages\/5128","targetHints":{"allow":["GET"]}}],"collection":[{"href":"https:\/\/www.insuranceandsaving.com\/cs\/wp-json\/wp\/v2\/pages"}],"about":[{"href":"https:\/\/www.insuranceandsaving.com\/cs\/wp-json\/wp\/v2\/types\/page"}],"author":[{"embeddable":true,"href":"https:\/\/www.insuranceandsaving.com\/cs\/wp-json\/wp\/v2\/users\/2"}],"replies":[{"embeddable":true,"href":"https:\/\/www.insuranceandsaving.com\/cs\/wp-json\/wp\/v2\/comments?post=5128"}],"version-history":[{"count":4,"href":"https:\/\/www.insuranceandsaving.com\/cs\/wp-json\/wp\/v2\/pages\/5128\/revisions"}],"predecessor-version":[{"id":6006,"href":"https:\/\/www.insuranceandsaving.com\/cs\/wp-json\/wp\/v2\/pages\/5128\/revisions\/6006"}],"wp:attachment":[{"href":"https:\/\/www.insuranceandsaving.com\/cs\/wp-json\/wp\/v2\/media?parent=5128"}],"curies":[{"name":"wp","href":"https:\/\/api.w.org\/{rel}","templated":true}]}}